{"id":162,"date":"2022-06-19T23:39:04","date_gmt":"2022-06-19T21:39:04","guid":{"rendered":"https:\/\/rozwojlokalny.jeleniagora.pl\/?page_id=162"},"modified":"2024-04-11T08:04:32","modified_gmt":"2024-04-11T06:04:32","slug":"o-projekcie","status":"publish","type":"page","link":"https:\/\/rozwojlokalny.jeleniagora.pl\/en\/o-projekcie\/","title":{"rendered":"About the project"},"content":{"rendered":"<p><strong>\"LIVE, RESIDE, WORK IN JELENIA GORA!\" project<\/strong> will be implemented within the framework of the <strong>Local Development Program <\/strong>in Q4 2021 - Q1 2024.<\/p>\n\n\n\n<p>The project benefits from a grant of EUR <strong>3,89 mln EUR <\/strong>received from <strong>Iceland, Liechtenstein and Norway <\/strong>through the European Economic Area (EEA) Financial Mechanism <strong>2014-2021<\/strong> and the <strong>Norwegian Financial Mechanism 2014-2021<\/strong> and state budget funds.<\/p>\n\n\n\n<p>The project will be 100% externally funded - 85% of its value will be funded by the EEA and NFM, and 15% by the state budget.<\/p>\n\n\n\n<h3 class=\"wp-block-heading has-medium-font-size\"><strong>The project is implemented in partnership with:<\/strong><\/h3>\n\n\n\n<ul>\n<li>Karkonoski Park Narodowy<\/li>\n\n\n\n<li>Karkonoska Agencja Rozwoju Regionalnego S.A.,<\/li>\n\n\n\n<li>Karkonoski Sejmik Os\u00f3b Niepe\u0142nosprawnych,<\/li>\n\n\n\n<li>communes and poviats of the Jelenia G\u00f3ra Agglomeration<\/li>\n<\/ul>\n\n\n\n<p><strong>Karkonoski Parki Narodowy [Karkonosze National Park]<\/strong> will carry out activities related to environmental education.<\/p>\n\n\n\n<p><strong>Karkonoska Agencja Rozwoju Regionalnego S.A. [Karkonosze Regional Development Agency]<\/strong> as a partner in the project will deal with the implementation of the measure Using the potential of residents for the economy of Jelenia Gora, except for meetings with entrepreneurs planned for execution by the Town of Jelenia Gora.<\/p>\n\n\n\n<p>The application of accessibility standards during the design and implementation of the activities will be supervised by project partner \u2013 <strong>Karkonoski Sejmik Os\u00f3b Niepe\u0142nosprawnych \n [Karkonosze Association of Disabled Persons]<\/strong>, which will also implement a series of meetings in educational institutions on local identity and regionalism.<\/p>\n\n\n\n<p><strong>In cooperation with the communes:<\/strong> Bolk\u00f3w, Gryf\u00f3w \u015al\u0105ski, Janowice Wielkie, Je\u017c\u00f3w Sudecki, Karpacz, Kowary, Le\u015bna, Lubomierz, Lw\u00f3wek \u015al\u0105ski, Marcisz\u00f3w, Mirsk, Mys\u0142akowice, Olszyna, Piechowice, Pielgrzymka, Stara Kamienica, Szklarska Por\u0119ba, \u015awierad\u00f3w-Zdr\u00f3j, \u015awierzawa, Wle\u0144, Wojciesz\u00f3w, Zagrodno, Gmina Miejska Z\u0142otoryja i Gmina Z\u0142otoryja <strong>and  poviats:<\/strong> karkonoskim, lw\u00f3weckim i z\u0142otoryjskim a joint climate change adaptation plan will be developed for all communes of the Jelenia G\u00f3ra Agglomeration.<\/p>\n\n\n\n<p><strong>Main objective: <\/strong><strong>to increase the standard of living of Jelenia Gora residents and improve the city's functioning as an attractive place to live and work.<\/strong><\/p>\n\n\n\n<h3 class=\"wp-block-heading has-medium-font-size\"><strong>The objectives of the project are:<\/strong><\/h3>\n\n\n\n<p>1. <strong>Jelenia G\u00f3ra - EKO-logical choice<\/strong> &#8211; <strong>improving the attractiveness and quality of life,considering demographic challenges and the potential of the natural environment.<\/strong><\/p>\n\n\n\n<p><em>Desirable courses of action: increasing the attractiveness of the city as a place to live, improving air quality, clean city, development of bicycle paths, ecological education, etc.<\/em><\/p>\n\n\n\n<p>2. <strong>Jelenia G\u00f3ra \u2013 the mountain of possibilities \u2013 increase the competitiveness and economic attractiveness of Jelenia G\u00f3ra.<\/strong><\/p>\n\n\n\n<p><em>Desirable courses of action: attracting investors, development of human resources, economic cooperation, development of the city's investment offer, adaptation of teaching directions to the needs of the labour market, vocational education, increase in entrepreneurship of residents, etc.<\/em><\/p>\n\n\n\n<p>3. <strong>Potential for the future \u2013 building civil societyand local identity.<\/strong><\/p>\n\n\n\n<p><em>Desirable courses of action: creating a city brand, community cooperation, integration of residents, promotion of the city, the development of cultural and recreational offer, building local identity, etc.<\/em><\/p>\n\n\n\n<p>4. <strong>Improve the performance standards and competence of local public administrations.<\/strong><\/p>\n\n\n\n<p>5. <strong>Improve the quality and accessibility of public services.<\/strong><\/p>\n\n\n\n<p><em>Desirable courses of action: high quality of services provided to residents, including increasing the availability of e-services, etc.<\/em><\/p>\n\n\n\n<p>6. <strong>Development of social dialogue.<\/strong><\/p>\n\n\n\n<p><em>Desired directions of activities: increase in local activity, increase in integration of residents, encouraging residents to become involved in the development of the city and local activities, etc.<\/em><\/p>\n\n\n\n<p>The project will implement investment tasks and so-called soft (non-investment) tasks.<\/p>\n\n\n\n\n\n<\/p>\n\n\n\n<div class=\"wp-block-file\"><object class=\"wp-block-file__embed\" data=\"https:\/\/rozwojlokalny.jeleniagora.pl\/wp-content\/uploads\/2022\/09\/tasks.pdf\" type=\"application\/pdf\" style=\"width:100%;height:600px\" aria-label=\"Embed of Tasks carried.\"><\/object><a id=\"wp-block-file--media-5bbb6fce-761e-4f3c-bf21-fb661e8187ae\" href=\"https:\/\/rozwojlokalny.jeleniagora.pl\/wp-content\/uploads\/2022\/09\/tasks.pdf\">Tasks carried<\/a><a href=\"https:\/\/rozwojlokalny.jeleniagora.pl\/wp-content\/uploads\/2022\/09\/tasks.pdf\" class=\"wp-block-file__button wp-element-button\" download aria-describedby=\"wp-block-file--media-5bbb6fce-761e-4f3c-bf21-fb661e8187ae\">Download<\/a><\/div>\n\n\n<p>\n\n\n\n<div style=\"height:2rem\" aria-hidden=\"true\" class=\"wp-block-spacer\"><\/div>\n\n\n\n<hr class=\"wp-block-separator has-alpha-channel-opacity is-style-dots\"\/>\n\n\n\n<div style=\"height:2rem\" aria-hidden=\"true\" class=\"wp-block-spacer\"><\/div>\n\n\n\n<h3 class=\"wp-block-heading has-medium-font-size\"><strong>Project Story<\/strong><\/h3>\n\n\n\n<p>The call for applications for the Local Development program was aimed at the Polish communes with urban status, listed among the 255 towns identified in the Strategy for Responsible Development.<\/p>\n\n\n\n<p>The competition was intended to support small and medium-sized cities in their development and implementation of a sustainable and systemic approach to local development, thus reducing negative development phenomena and raising their residents' standard of living.<\/p>\n\n\n\n<p>The program is designed to support cities in the most challenging socio-economic situation in developing and implementing a sustainable approach to local development, thus reducing negative development phenomena.<\/p>\n\n\n\n<p>The projects will provide for strategic, integrated and comprehensive city management aimed at improving the situation of residents related to, among other things, broad environmental protection (including efficient and clean energy, sustainable transportation), social policy (including poverty reduction, accessibility, housing policy, social innovation, employment, health, education, social participation) and support for the local labour market and entrepreneurship. The projects will also aim to raise the level of competence, thequality-of-service delivery and accountability of local administration, contributing to building residents' trust in local authorities as institutions administering local development.<\/p>\n\n\n\n<div class=\"wp-block-uagb-content-timeline uagb-timeline__outer-wrap uagb-block-4bf1e200-504d-45e0-95fe-67b9ad9aa551 uagb-timeline__content-wrap uagb-timeline__center-block  uagb-timeline__arrow-center uagb-timeline\">\n<article class=\"wp-block-uagb-content-timeline-child uagb-timeline__field uagb-timeline-child-1fd2413b-1b18-4741-891c-4f25183acd87 uagb-timeline__right uagb-timeline__field-wrap\"><div class=\"uagb-timeline__marker out-view-uagb-timeline__icon\"><svg xmlns=\"https:\/\/www.w3.org\/2000\/svg\" viewbox=\"0 0 448 512\"><path d=\"M160 32V64H288V32C288 14.33 302.3 0 320 0C337.7 0 352 14.33 352 32V64H400C426.5 64 448 85.49 448 112V160H0V112C0 85.49 21.49 64 48 64H96V32C96 14.33 110.3 0 128 0C145.7 0 160 14.33 160 32zM0 192H448V464C448 490.5 426.5 512 400 512H48C21.49 512 0 490.5 0 464V192zM64 304C64 312.8 71.16 320 80 320H112C120.8 320 128 312.8 128 304V272C128 263.2 120.8 256 112 256H80C71.16 256 64 263.2 64 272V304zM192 304C192 312.8 199.2 320 208 320H240C248.8 320 256 312.8 256 304V272C256 263.2 248.8 256 240 256H208C199.2 256 192 263.2 192 272V304zM336 256C327.2 256 320 263.2 320 272V304C320 312.8 327.2 320 336 320H368C376.8 320 384 312.8 384 304V272C384 263.2 376.8 256 368 256H336zM64 432C64 440.8 71.16 448 80 448H112C120.8 448 128 440.8 128 432V400C128 391.2 120.8 384 112 384H80C71.16 384 64 391.2 64 400V432zM208 384C199.2 384 192 391.2 192 400V432C192 440.8 199.2 448 208 448H240C248.8 448 256 440.8 256 432V400C256 391.2 248.8 384 240 384H208zM320 432C320 440.8 327.2 448 336 448H368C376.8 448 384 440.8 384 432V400C384 391.2 376.8 384 368 384H336C327.2 384 320 391.2 320 400V432z\"><\/path><\/svg><\/div><div class=\"uagb-timeline__day-new uagb-timeline__day-right uagb-timeline__events-inner-new\"><div class=\"uagb-timeline__events-inner--content\"><h4 class=\"uagb-timeline__heading\">22 July 2019<\/h4><p class=\"uagb-timeline-desc-content\">The city of Jelenia G\u00f3ra, together with 213 other cities, submitted an outline of the project under the \"Local Development\" Programme. <\/p><div class=\"uagb-timeline__arrow\"><\/div><\/div><\/div><div class=\"uagb-timeline__date-new\"><\/div><\/article>\n\n\n\n<article class=\"wp-block-uagb-content-timeline-child uagb-timeline__field uagb-timeline-child-8faaaa0f-953c-4047-83a5-53b93382171b uagb-timeline__left uagb-timeline__field-wrap\"><div class=\"uagb-timeline__marker out-view-uagb-timeline__icon\"><svg xmlns=\"https:\/\/www.w3.org\/2000\/svg\" viewbox=\"0 0 448 512\"><path d=\"M160 32V64H288V32C288 14.33 302.3 0 320 0C337.7 0 352 14.33 352 32V64H400C426.5 64 448 85.49 448 112V160H0V112C0 85.49 21.49 64 48 64H96V32C96 14.33 110.3 0 128 0C145.7 0 160 14.33 160 32zM0 192H448V464C448 490.5 426.5 512 400 512H48C21.49 512 0 490.5 0 464V192zM64 304C64 312.8 71.16 320 80 320H112C120.8 320 128 312.8 128 304V272C128 263.2 120.8 256 112 256H80C71.16 256 64 263.2 64 272V304zM192 304C192 312.8 199.2 320 208 320H240C248.8 320 256 312.8 256 304V272C256 263.2 248.8 256 240 256H208C199.2 256 192 263.2 192 272V304zM336 256C327.2 256 320 263.2 320 272V304C320 312.8 327.2 320 336 320H368C376.8 320 384 312.8 384 304V272C384 263.2 376.8 256 368 256H336zM64 432C64 440.8 71.16 448 80 448H112C120.8 448 128 440.8 128 432V400C128 391.2 120.8 384 112 384H80C71.16 384 64 391.2 64 400V432zM208 384C199.2 384 192 391.2 192 400V432C192 440.8 199.2 448 208 448H240C248.8 448 256 440.8 256 432V400C256 391.2 248.8 384 240 384H208zM320 432C320 440.8 327.2 448 336 448H368C376.8 448 384 440.8 384 432V400C384 391.2 376.8 384 368 384H336C327.2 384 320 391.2 320 400V432z\"><\/path><\/svg><\/div><div class=\"uagb-timeline__day-new uagb-timeline__day-left uagb-timeline__events-inner-new\"><div class=\"uagb-timeline__events-inner--content\"><h4 class=\"uagb-timeline__heading\">19 December 2019<\/h4><p class=\"uagb-timeline-desc-content\">The application of the City of Jelenia G\u00f3ra (outline of the project) was selected as one of <strong>54 applications for the second stage of the call for proposals<\/strong> under the \"Local Development\" Programme financed by the Financial Mechanism of the European Economic Area 2014-2021 and the Norwegian Financial Mechanism 2014-2021.<br><br><strong>Jelenia G\u00f3ra received (ex aequo with the city of Krosno) the most points out of all Cities qualified for the second stage. <\/strong><\/p><div class=\"uagb-timeline__arrow\"><\/div><\/div><\/div><div class=\"uagb-timeline__date-new\"><\/div><\/article>\n\n\n\n<article class=\"wp-block-uagb-content-timeline-child uagb-timeline__field uagb-timeline-child-8d695c43-6b74-4d20-9b31-f188f244eb0a uagb-timeline__right uagb-timeline__field-wrap\"><div class=\"uagb-timeline__marker out-view-uagb-timeline__icon\"><svg xmlns=\"https:\/\/www.w3.org\/2000\/svg\" viewbox=\"0 0 448 512\"><path d=\"M160 32V64H288V32C288 14.33 302.3 0 320 0C337.7 0 352 14.33 352 32V64H400C426.5 64 448 85.49 448 112V160H0V112C0 85.49 21.49 64 48 64H96V32C96 14.33 110.3 0 128 0C145.7 0 160 14.33 160 32zM0 192H448V464C448 490.5 426.5 512 400 512H48C21.49 512 0 490.5 0 464V192zM64 304C64 312.8 71.16 320 80 320H112C120.8 320 128 312.8 128 304V272C128 263.2 120.8 256 112 256H80C71.16 256 64 263.2 64 272V304zM192 304C192 312.8 199.2 320 208 320H240C248.8 320 256 312.8 256 304V272C256 263.2 248.8 256 240 256H208C199.2 256 192 263.2 192 272V304zM336 256C327.2 256 320 263.2 320 272V304C320 312.8 327.2 320 336 320H368C376.8 320 384 312.8 384 304V272C384 263.2 376.8 256 368 256H336zM64 432C64 440.8 71.16 448 80 448H112C120.8 448 128 440.8 128 432V400C128 391.2 120.8 384 112 384H80C71.16 384 64 391.2 64 400V432zM208 384C199.2 384 192 391.2 192 400V432C192 440.8 199.2 448 208 448H240C248.8 448 256 440.8 256 432V400C256 391.2 248.8 384 240 384H208zM320 432C320 440.8 327.2 448 336 448H368C376.8 448 384 440.8 384 432V400C384 391.2 376.8 384 368 384H336C327.2 384 320 391.2 320 400V432z\"><\/path><\/svg><\/div><div class=\"uagb-timeline__day-new uagb-timeline__day-right uagb-timeline__events-inner-new\"><div class=\"uagb-timeline__events-inner--content\"><h4 class=\"uagb-timeline__heading\">December 2019- December 2020<\/h4><p class=\"uagb-timeline-desc-content\">Period of intensive work on the preparation of the complete project proposal (together with the Local Development Plan and the Institutional Development Planwith the support of experts from the Association of Polish Cities and the Institute of Urban and Regional Development.<br><br>One of the key assumptions when creating the project plan was to ensure the co-decision of all interested social groups on the directions of the city's development. The stage of preparation of the Project Outline, the stage of elaboration of the Complete Project Proposal and its implementation, consider the involvement of the local community in all activities.<br><br>The call, which lasted until the end of August 2020, was open to all residents of Jelenia Gora, and information related to the call was available on the City's website and social networks.<br><br>Residents had the opportunity to submit projects, investments, events, promotional actions, activities improving the functioning of the Jelenia G\u00f3ra City Hall and improving the quality of services provided, as well as other projects that should be implemented in the coming years in Jelenia G\u00f3ra.<br><br>The city planned the project implementation in cooperation with partners from outside the public finance sector. Non-governmental organisations, business environment institutions, business associations and housing cooperatives were invited to participate in the open recruitment of partners.<\/p><div class=\"uagb-timeline__arrow\"><\/div><\/div><\/div><div class=\"uagb-timeline__date-new\"><\/div><\/article>\n\n\n\n<article class=\"wp-block-uagb-content-timeline-child uagb-timeline__field uagb-timeline-child-6e5e149c-e205-4d40-a494-bd923f3f96c8 uagb-timeline__left uagb-timeline__field-wrap\"><div class=\"uagb-timeline__marker out-view-uagb-timeline__icon\"><svg xmlns=\"https:\/\/www.w3.org\/2000\/svg\" viewbox=\"0 0 448 512\"><path d=\"M160 32V64H288V32C288 14.33 302.3 0 320 0C337.7 0 352 14.33 352 32V64H400C426.5 64 448 85.49 448 112V160H0V112C0 85.49 21.49 64 48 64H96V32C96 14.33 110.3 0 128 0C145.7 0 160 14.33 160 32zM0 192H448V464C448 490.5 426.5 512 400 512H48C21.49 512 0 490.5 0 464V192zM64 304C64 312.8 71.16 320 80 320H112C120.8 320 128 312.8 128 304V272C128 263.2 120.8 256 112 256H80C71.16 256 64 263.2 64 272V304zM192 304C192 312.8 199.2 320 208 320H240C248.8 320 256 312.8 256 304V272C256 263.2 248.8 256 240 256H208C199.2 256 192 263.2 192 272V304zM336 256C327.2 256 320 263.2 320 272V304C320 312.8 327.2 320 336 320H368C376.8 320 384 312.8 384 304V272C384 263.2 376.8 256 368 256H336zM64 432C64 440.8 71.16 448 80 448H112C120.8 448 128 440.8 128 432V400C128 391.2 120.8 384 112 384H80C71.16 384 64 391.2 64 400V432zM208 384C199.2 384 192 391.2 192 400V432C192 440.8 199.2 448 208 448H240C248.8 448 256 440.8 256 432V400C256 391.2 248.8 384 240 384H208zM320 432C320 440.8 327.2 448 336 448H368C376.8 448 384 440.8 384 432V400C384 391.2 376.8 384 368 384H336C327.2 384 320 391.2 320 400V432z\"><\/path><\/svg><\/div><div class=\"uagb-timeline__day-new uagb-timeline__day-left uagb-timeline__events-inner-new\"><div class=\"uagb-timeline__events-inner--content\"><h4 class=\"uagb-timeline__heading\">15 December 2020<\/h4><p class=\"uagb-timeline-desc-content\">The formal evaluation process of 54 complete project proposals submitted in the call for proposals has been completed. <strong>53 complete project proposals qualified for the substantive evaluation stage.<\/strong>. <\/p><div class=\"uagb-timeline__arrow\"><\/div><\/div><\/div><div class=\"uagb-timeline__date-new\"><\/div><\/article>\n\n\n\n<article class=\"wp-block-uagb-content-timeline-child uagb-timeline__field uagb-timeline-child-2f00036d-7686-4e6b-8d0e-a2b052a77cbe uagb-timeline__right uagb-timeline__field-wrap\"><div class=\"uagb-timeline__marker out-view-uagb-timeline__icon\"><svg xmlns=\"https:\/\/www.w3.org\/2000\/svg\" viewbox=\"0 0 448 512\"><path d=\"M160 32V64H288V32C288 14.33 302.3 0 320 0C337.7 0 352 14.33 352 32V64H400C426.5 64 448 85.49 448 112V160H0V112C0 85.49 21.49 64 48 64H96V32C96 14.33 110.3 0 128 0C145.7 0 160 14.33 160 32zM0 192H448V464C448 490.5 426.5 512 400 512H48C21.49 512 0 490.5 0 464V192zM64 304C64 312.8 71.16 320 80 320H112C120.8 320 128 312.8 128 304V272C128 263.2 120.8 256 112 256H80C71.16 256 64 263.2 64 272V304zM192 304C192 312.8 199.2 320 208 320H240C248.8 320 256 312.8 256 304V272C256 263.2 248.8 256 240 256H208C199.2 256 192 263.2 192 272V304zM336 256C327.2 256 320 263.2 320 272V304C320 312.8 327.2 320 336 320H368C376.8 320 384 312.8 384 304V272C384 263.2 376.8 256 368 256H336zM64 432C64 440.8 71.16 448 80 448H112C120.8 448 128 440.8 128 432V400C128 391.2 120.8 384 112 384H80C71.16 384 64 391.2 64 400V432zM208 384C199.2 384 192 391.2 192 400V432C192 440.8 199.2 448 208 448H240C248.8 448 256 440.8 256 432V400C256 391.2 248.8 384 240 384H208zM320 432C320 440.8 327.2 448 336 448H368C376.8 448 384 440.8 384 432V400C384 391.2 376.8 384 368 384H336C327.2 384 320 391.2 320 400V432z\"><\/path><\/svg><\/div><div class=\"uagb-timeline__day-new uagb-timeline__day-right uagb-timeline__events-inner-new\"><div class=\"uagb-timeline__events-inner--content\"><h4 class=\"uagb-timeline__heading\">09 July 2021<\/h4><p class=\"uagb-timeline-desc-content\">Jelenia G\u00f3ra was selected as one of <strong>29 cities \u2013 Applicants<\/strong>whose projects were selected for funding. <\/p><div class=\"uagb-timeline__arrow\"><\/div><\/div><\/div><div class=\"uagb-timeline__date-new\"><\/div><\/article>\n\n\n\n<article class=\"wp-block-uagb-content-timeline-child uagb-timeline__field uagb-timeline-child-7951540f-b1f7-47e5-9795-f83909276719 uagb-timeline__left uagb-timeline__field-wrap\"><div class=\"uagb-timeline__marker out-view-uagb-timeline__icon\"><svg xmlns=\"https:\/\/www.w3.org\/2000\/svg\" viewbox=\"0 0 448 512\"><path d=\"M160 32V64H288V32C288 14.33 302.3 0 320 0C337.7 0 352 14.33 352 32V64H400C426.5 64 448 85.49 448 112V160H0V112C0 85.49 21.49 64 48 64H96V32C96 14.33 110.3 0 128 0C145.7 0 160 14.33 160 32zM0 192H448V464C448 490.5 426.5 512 400 512H48C21.49 512 0 490.5 0 464V192zM64 304C64 312.8 71.16 320 80 320H112C120.8 320 128 312.8 128 304V272C128 263.2 120.8 256 112 256H80C71.16 256 64 263.2 64 272V304zM192 304C192 312.8 199.2 320 208 320H240C248.8 320 256 312.8 256 304V272C256 263.2 248.8 256 240 256H208C199.2 256 192 263.2 192 272V304zM336 256C327.2 256 320 263.2 320 272V304C320 312.8 327.2 320 336 320H368C376.8 320 384 312.8 384 304V272C384 263.2 376.8 256 368 256H336zM64 432C64 440.8 71.16 448 80 448H112C120.8 448 128 440.8 128 432V400C128 391.2 120.8 384 112 384H80C71.16 384 64 391.2 64 400V432zM208 384C199.2 384 192 391.2 192 400V432C192 440.8 199.2 448 208 448H240C248.8 448 256 440.8 256 432V400C256 391.2 248.8 384 240 384H208zM320 432C320 440.8 327.2 448 336 448H368C376.8 448 384 440.8 384 432V400C384 391.2 376.8 384 368 384H336C327.2 384 320 391.2 320 400V432z\"><\/path><\/svg><\/div><div class=\"uagb-timeline__day-new uagb-timeline__day-left uagb-timeline__events-inner-new\"><div class=\"uagb-timeline__events-inner--content\"><h4 class=\"uagb-timeline__heading\">08 November 2021<\/h4><p class=\"uagb-timeline-desc-content\">The appointment, by order of the Mayor of Jelenia Gora, of a Team for the implementation, monitoring and evaluation of the Local Development Plan and the Institutional Development Plan, i.e., the plans implemented under the project \"Live, reside, work in Jelenia G\u00f3ra!\"<\/p><div class=\"uagb-timeline__arrow\"><\/div><\/div><\/div><div class=\"uagb-timeline__date-new\"><\/div><\/article>\n\n\n\n<article class=\"wp-block-uagb-content-timeline-child uagb-timeline__field uagb-timeline-child-c13d67ca-5368-425c-abd2-2b4b21f2d56f uagb-timeline__right uagb-timeline__field-wrap\"><div class=\"uagb-timeline__marker out-view-uagb-timeline__icon\"><svg xmlns=\"https:\/\/www.w3.org\/2000\/svg\" viewbox=\"0 0 448 512\"><path d=\"M160 32V64H288V32C288 14.33 302.3 0 320 0C337.7 0 352 14.33 352 32V64H400C426.5 64 448 85.49 448 112V160H0V112C0 85.49 21.49 64 48 64H96V32C96 14.33 110.3 0 128 0C145.7 0 160 14.33 160 32zM0 192H448V464C448 490.5 426.5 512 400 512H48C21.49 512 0 490.5 0 464V192zM64 304C64 312.8 71.16 320 80 320H112C120.8 320 128 312.8 128 304V272C128 263.2 120.8 256 112 256H80C71.16 256 64 263.2 64 272V304zM192 304C192 312.8 199.2 320 208 320H240C248.8 320 256 312.8 256 304V272C256 263.2 248.8 256 240 256H208C199.2 256 192 263.2 192 272V304zM336 256C327.2 256 320 263.2 320 272V304C320 312.8 327.2 320 336 320H368C376.8 320 384 312.8 384 304V272C384 263.2 376.8 256 368 256H336zM64 432C64 440.8 71.16 448 80 448H112C120.8 448 128 440.8 128 432V400C128 391.2 120.8 384 112 384H80C71.16 384 64 391.2 64 400V432zM208 384C199.2 384 192 391.2 192 400V432C192 440.8 199.2 448 208 448H240C248.8 448 256 440.8 256 432V400C256 391.2 248.8 384 240 384H208zM320 432C320 440.8 327.2 448 336 448H368C376.8 448 384 440.8 384 432V400C384 391.2 376.8 384 368 384H336C327.2 384 320 391.2 320 400V432z\"><\/path><\/svg><\/div><div class=\"uagb-timeline__day-new uagb-timeline__day-right uagb-timeline__events-inner-new\"><div class=\"uagb-timeline__events-inner--content\"><h4 class=\"uagb-timeline__heading\">01 December 2021\u00a0<\/h4><p class=\"uagb-timeline-desc-content\">The Mayor of the City of Jelenia Gora, Mr Jerzy \u0141u\u017cniak, countersigned by the Treasurer, Mr Jacek Kope\u0107, and Mr Grzegorz Puda, Minister of Funds and Regional Policy, signed an agreement for the implementation of the project \"Live, reside, work in Jelenia Gora!\", as a result of which the City of Jelenia Gora will receive more than PLN 15 million (EUR 3.371 million) for the implementation of the project.\u00a0<\/p><div class=\"uagb-timeline__arrow\"><\/div><\/div><\/div><div class=\"uagb-timeline__date-new\"><\/div><\/article>\n<div class=\"uagb-timeline__line\"><div class=\"uagb-timeline__line__inner\"><\/div><\/div><\/div>\n\n\n\n<figure class=\"wp-block-image aligncenter size-large is-resized\"><img decoding=\"async\" loading=\"lazy\" src=\"https:\/\/rozwojlokalny.jeleniagora.pl\/wp-content\/uploads\/2023\/11\/plakat__budzet__panstwa__420x297-ai-724x1024.jpg\" alt=\"\" class=\"wp-image-1405\" width=\"362\" height=\"512\" srcset=\"https:\/\/rozwojlokalny.jeleniagora.pl\/wp-content\/uploads\/2023\/11\/plakat__budzet__panstwa__420x297-ai-724x1024.jpg 724w, https:\/\/rozwojlokalny.jeleniagora.pl\/wp-content\/uploads\/2023\/11\/plakat__budzet__panstwa__420x297-ai-212x300.jpg 212w, https:\/\/rozwojlokalny.jeleniagora.pl\/wp-content\/uploads\/2023\/11\/plakat__budzet__panstwa__420x297-ai-768x1086.jpg 768w, https:\/\/rozwojlokalny.jeleniagora.pl\/wp-content\/uploads\/2023\/11\/plakat__budzet__panstwa__420x297-ai-8x12.jpg 8w, https:\/\/rozwojlokalny.jeleniagora.pl\/wp-content\/uploads\/2023\/11\/plakat__budzet__panstwa__420x297-ai.jpg 842w\" sizes=\"(max-width: 362px) 100vw, 362px\" \/><\/figure>","protected":false},"excerpt":{"rendered":"<p>Projekt \u201e\u017bYJ, MIESZKAJ, PRACUJ W JELENIEJ G\u00d3RZE!\u201d b\u0119dzie realizowany w ramach programu \u201eRozw\u00f3j Lokalny\u201d, w okresie IV kw. 2021 r. \u2013 I kw. 2024 r. Projekt korzysta z dofinansowania o warto\u015bci 3,89 mln EUR otrzymanego od Islandii, Liechtensteinu i Norwegii ze \u015brodk\u00f3w Mechanizmu Finansowego Europejskiego Obszaru Gospodarczego (MF EOG) na lata 2014-2021 oraz \u015brodk\u00f3w Norweskiego [&hellip;]<\/p>","protected":false},"author":1,"featured_media":0,"parent":0,"menu_order":0,"comment_status":"closed","ping_status":"closed","template":"wp-custom-template-inner-page-m-3","meta":{"_uag_custom_page_level_css":""},"uagb_featured_image_src":{"full":false,"thumbnail":false,"medium":false,"medium_large":false,"large":false,"1536x1536":false,"2048x2048":false,"trp-custom-language-flag":false},"uagb_author_info":{"display_name":"Admin","author_link":"https:\/\/rozwojlokalny.jeleniagora.pl\/en\/author\/admin\/"},"uagb_comment_info":0,"uagb_excerpt":"Projekt \u201e\u017bYJ, MIESZKAJ, PRACUJ W JELENIEJ G\u00d3RZE!\u201d b\u0119dzie realizowany w ramach programu \u201eRozw\u00f3j Lokalny\u201d, w okresie IV kw. 2021 r. \u2013 I kw. 2024 r. Projekt korzysta z dofinansowania o warto\u015bci 3,89 mln EUR otrzymanego od Islandii, Liechtensteinu i Norwegii ze \u015brodk\u00f3w Mechanizmu Finansowego Europejskiego Obszaru Gospodarczego (MF EOG) na lata 2014-2021 oraz \u015brodk\u00f3w Norweskiego&hellip;","_links":{"self":[{"href":"https:\/\/rozwojlokalny.jeleniagora.pl\/en\/wp-json\/wp\/v2\/pages\/162"}],"collection":[{"href":"https:\/\/rozwojlokalny.jeleniagora.pl\/en\/wp-json\/wp\/v2\/pages"}],"about":[{"href":"https:\/\/rozwojlokalny.jeleniagora.pl\/en\/wp-json\/wp\/v2\/types\/page"}],"author":[{"embeddable":true,"href":"https:\/\/rozwojlokalny.jeleniagora.pl\/en\/wp-json\/wp\/v2\/users\/1"}],"replies":[{"embeddable":true,"href":"https:\/\/rozwojlokalny.jeleniagora.pl\/en\/wp-json\/wp\/v2\/comments?post=162"}],"version-history":[{"count":30,"href":"https:\/\/rozwojlokalny.jeleniagora.pl\/en\/wp-json\/wp\/v2\/pages\/162\/revisions"}],"predecessor-version":[{"id":1513,"href":"https:\/\/rozwojlokalny.jeleniagora.pl\/en\/wp-json\/wp\/v2\/pages\/162\/revisions\/1513"}],"wp:attachment":[{"href":"https:\/\/rozwojlokalny.jeleniagora.pl\/en\/wp-json\/wp\/v2\/media?parent=162"}],"curies":[{"name":"wp","href":"https:\/\/api.w.org\/{rel}","templated":true}]}}