{"id":596,"date":"2022-06-23T13:18:00","date_gmt":"2022-06-23T11:18:00","guid":{"rendered":"https:\/\/rozwojlokalny.jeleniagora.pl\/?page_id=596"},"modified":"2025-07-10T13:29:55","modified_gmt":"2025-07-10T11:29:55","slug":"deklaracja-dostepnosci","status":"publish","type":"page","link":"https:\/\/rozwojlokalny.jeleniagora.pl\/en\/deklaracja-dostepnosci\/","title":{"rendered":"Accessibility declaration"},"content":{"rendered":"<p>Urz\u0105d Miasta Jelenia G\u00f3ra zobowi\u0105zuje si\u0119 zapewni\u0107 dost\u0119pno\u015b\u0107 swojej strony internetowej zgodnie z przepisami ustawy z dnia 4 kwietnia 2019 r. o dost\u0119pno\u015bci cyfrowej stron internetowych i aplikacji mobilnych podmiot\u00f3w publicznych. O\u015bwiadczenie w sprawie dost\u0119pno\u015bci ma zastosowanie do strony rozwojlokalny.jeleniagora.pl prowadzonej przez Urz\u0105d Miasta Jelenia G\u00f3ra.<\/p>\n\n\n\n<p><strong>Data publikacji strony internetowej:<\/strong> 2022-06-23.<\/p>\n\n\n\n<p><strong>Data ostatniej istotnej aktualizacji:<\/strong> 2022-06-23.<\/p>\n\n\n\n<p><strong>Data ostatniego przegl\u0105du deklaracji: <\/strong>2025-01-23.<\/p>\n\n\n\n<p>Strona internetowa jest&nbsp;cz\u0119\u015bciowo zgodna&nbsp;z ustaw\u0105 z dnia 4 kwietnia 2019 r. o dost\u0119pno\u015bci cyfrowej stron internetowych i aplikacji mobilnych podmiot\u00f3w publicznych z powodu niezgodno\u015bci lub wy\u0142\u0105cze\u0144 wymienionych poni\u017cej:<\/p>\n\n\n\n<ul>\n<li>Brak opis\u00f3w alternatywnych i tytu\u0142\u00f3w dla niekt\u00f3rych zdj\u0119\u0107 i grafik lub opisy alternatywne nie spe\u0142niaj\u0105ce w pe\u0142ni wymog\u00f3w wytycznych WCAG.<\/li>\n\n\n\n<li>Brak audio deskrypcji dla materia\u0142\u00f3w video\/multimedialnych<\/li>\n\n\n\n<li>Umieszczone w serwisie filmy nie maj\u0105 do\u0142\u0105czonych napis\u00f3w ani t\u0142umacza j\u0119zyka migowego<\/li>\n\n\n\n<li>Brak mapy serwisu<\/li>\n\n\n\n<li>Nie wszystkie osadzone dokumenty PDF s\u0105 w ca\u0142o\u015bci poprawnie odczytywane przez programy dla os\u00f3b niewidomych i niedowidz\u0105cych lub s\u0105 skanami dokument\u00f3w.<\/li>\n\n\n\n<li>Niekt\u00f3re linki w tre\u015bci zawieraj\u0105 jako opis fragment adresu URL.<\/li>\n<\/ul>\n\n\n\n<p><strong>Wy\u0142\u0105czenia<\/strong><\/p>\n\n\n\n<ul>\n<li>Pewne dokumenty opublikowane na stronie s\u0105 niedost\u0119pne z uwagi na fakt, \u017ce pochodz\u0105 z r\u00f3\u017cnych \u017ar\u00f3de\u0142, zosta\u0142y wytworzone przez inne podmioty ni\u017c Urz\u0105d Miasta Jelenia G\u00f3ra i przekazane do publikacji w formie papierowej lub skan\u00f3w &#8211; nie s\u0105 dost\u0119pne z uwagi na brak dost\u0119pu do danych \u017ar\u00f3d\u0142owych<\/li>\n\n\n\n<li>Nieczytelne przez czytniki ekranu dokumenty PDF u\u017cytkownicy mog\u0105 rozpozna\u0107 narz\u0119dziem OCR.<\/li>\n\n\n\n<li>Mapy s\u0105 wy\u0142\u0105czone z obowi\u0105zku zapewnienia dost\u0119pno\u015bci.<\/li>\n\n\n\n<li>Dokumenty tekstowe i tekstowo-graficzne, dokumenty utworzone w programach przeznaczonych do tworzenia prezentacji lub arkuszy kalkulacyjnych, opublikowane przed dniem 23 wrze\u015bnia 2018 r. s\u0105 wy\u0142\u0105czone z obowi\u0105zku zapewniania dost\u0119pno\u015bci.<\/li>\n<\/ul>\n\n\n\n<p><\/p>\n\n\n\n<p><strong>O\u015bwiadczenie sporz\u0105dzono dnia:\u00a0<\/strong>2025-01-23.<\/p>\n\n\n\n<p>Deklaracj\u0119 sporz\u0105dzono na podstawie samooceny przeprowadzonej przez Urz\u0105d Miasta Jelenia G\u00f3ra.<\/p>\n\n\n\n<h3 class=\"wp-block-heading\">Dodatkowe informacje oraz spis skr\u00f3t\u00f3w klawiaturowych<\/h3>\n\n\n\n<p>Na stronie internetowej mo\u017cna korzysta\u0107 ze standardowych skr\u00f3t\u00f3w klawiaturowych.<\/p>\n\n\n\n<p>Strona zosta\u0142a zaprojektowana tak, aby jak najwi\u0119ksza liczba u\u017cytkownik\u00f3w mog\u0142a z niej swobodnie korzysta\u0107 u\u017cywaj\u0105c r\u00f3\u017cnych system\u00f3w operacyjnych i r\u00f3\u017cnych przegl\u0105darek. Mo\u017cliwa jest te\u017c zmiana wielko\u015bci czcionki tekstu za pomoc\u0105 mechanizm\u00f3w wbudowanych w przegl\u0105darki internetowe:<br><strong>CTRL i klawisz + <\/strong>aby powi\u0119kszy\u0107<br><strong>CTRL i klawisz &#8211; <\/strong>aby zmniejszy\u0107<br><strong>CTRL i klawisz 0 <\/strong>aby przywr\u00f3ci\u0107 domy\u015bln\u0105 wielko\u015b\u0107 czcionki.<\/p>\n\n\n\n<p>Opr\u00f3cz myszki po witrynie mo\u017cna si\u0119 porusza\u0107 za pomoc\u0105 klawiatury. Klawisz &#8222;TAB&#8221; przesunie fokus do ka\u017cdej z opcji nawigacji lub link\u00f3w na ekranie. Kombinacja klawiszy Shift+TAB cofnie fokus na poprzedni element nawigacji. Naciskaj\u0105c Enter nast\u0105pi przej\u015bcie do zaznaczonego odno\u015bnika. U\u017cywaj\u0105c strza\u0142ek &#8222;w d\u00f3\u0142&#8221; i &#8222;w g\u00f3r\u0119&#8221; mo\u017cna przewija\u0107 stron\u0119.<\/p>\n\n\n\n<p>Do budowy serwisu zastosowano technologie informatyczne &#8211; tzw. Responsive Web Design, kt\u00f3re automatycznie dostosowuj\u0105 modu\u0142y strony do rozdzielczo\u015bci ekranu urz\u0105dzenia mobilnego.<\/p>\n\n\n\n<p>Serwis przygotowany jest do obs\u0142ugi na ekranach urz\u0105dze\u0144 mobilnych, takich jak telefony kom\u00f3rkowe i tablety.<\/p>\n\n\n\n<p><\/p>\n\n\n\n<h3 class=\"wp-block-heading\">Informacje zwrotne i dane kontaktowe<\/h3>\n\n\n\n<p>W przypadku problem\u00f3w z dost\u0119pno\u015bci\u0105 strony internetowej prosimy o informacj\u0119. Osob\u0105 odpowiedzialn\u0105 jest Tomasz Dumycz. Kontakt: tdumycz@jeleniagora.pl, tel. 75 75 46 101. T\u0105 sam\u0105 drog\u0105 mo\u017cna sk\u0142ada\u0107 wnioski o udost\u0119pnienie informacji niedost\u0119pnej oraz sk\u0142ada\u0107 \u017c\u0105dania zapewnienia dost\u0119pno\u015bci.<\/p>\n\n\n\n<p>Za rozpatrywanie uwag i wniosk\u00f3w dotycz\u0105cych dost\u0119pno\u015bci cyfrowej strony rozwojlokalny.jeleniagora.pl odpowiada Tomasz Dumycz, tdumycz@jeleniagora.pl, tel.75 75 46 101.<\/p>\n\n\n\n<h3 class=\"wp-block-heading\">Informacje na temat procedury<\/h3>\n\n\n\n<p>Ka\u017cdy ma prawo do wyst\u0105pienia z \u017c\u0105daniem zapewnienia dost\u0119pno\u015bci cyfrowej strony internetowej, aplikacji mobilnej lub jakiego\u015b ich elementu. Mo\u017cna tak\u017ce za\u017c\u0105da\u0107 udost\u0119pnienia informacji za pomoc\u0105 alternatywnego sposobu dost\u0119pu, na przyk\u0142ad przez odczytanie niedost\u0119pnego cyfrowo dokumentu, opisanie zawarto\u015bci filmu bez audiodeskrypcji itp. \u017b\u0105danie powinno zawiera\u0107 dane osoby zg\u0142aszaj\u0105cej \u017c\u0105danie, wskazanie, o kt\u00f3r\u0105 stron\u0119 internetow\u0105 lub aplikacj\u0119 mobiln\u0105 chodzi oraz spos\u00f3b kontaktu. Je\u017celi osoba \u017c\u0105daj\u0105ca zg\u0142asza potrzeb\u0119 otrzymania informacji za pomoc\u0105 alternatywnego sposobu dost\u0119pu, powinna tak\u017ce okre\u015bli\u0107 dogodny dla niej spos\u00f3b przedstawienia tej informacji.<\/p>\n\n\n\n<p>Podmiot publiczny powinien zrealizowa\u0107 \u017c\u0105danie niezw\u0142ocznie, nie p\u00f3\u017aniej ni\u017c w ci\u0105gu 7 dni od dnia wyst\u0105pienia z \u017c\u0105daniem. Je\u017celi dotrzymanie tego terminu nie jest mo\u017cliwe, podmiot publiczny niezw\u0142ocznie informuje o tym wnosz\u0105cego \u017c\u0105danie, kiedy realizacja \u017c\u0105dania b\u0119dzie mo\u017cliwa, przy czym termin ten nie mo\u017ce by\u0107 d\u0142u\u017cszy ni\u017c 2 miesi\u0105ce od dnia wyst\u0105pienia z \u017c\u0105daniem. Je\u017celi zapewnienie dost\u0119pno\u015bci cyfrowej nie jest mo\u017cliwe, podmiot publiczny mo\u017ce zaproponowa\u0107 alternatywny spos\u00f3b dost\u0119pu do informacji.<\/p>\n\n\n\n<p>W przypadku, gdy podmiot publiczny odm\u00f3wi realizacji \u017c\u0105dania zapewnienia dost\u0119pno\u015bci lub alternatywnego sposobu dost\u0119pu do informacji, wnosz\u0105cy \u017c\u0105danie mo\u017cne z\u0142o\u017cy\u0107 skarg\u0119 w sprawie zapewniana dost\u0119pno\u015bci cyfrowej strony internetowej, aplikacji mobilnej lub elementu strony internetowej, lub aplikacji mobilnej. Po wyczerpaniu wskazanej wy\u017cej procedury mo\u017cna tak\u017ce z\u0142o\u017cy\u0107 wniosek do Rzecznika Praw Obywatelskich.<\/p>\n\n\n\n<p><a rel=\"noreferrer noopener\" href=\"https:\/\/bip.brpo.gov.pl\/pl\/content\/jak-mozna-zwrocic-sie-do-rpo\" target=\"_blank\">Link do strony Rzecznika Praw Obywatelskich (Link otwierany w nowym oknie)<\/a><\/p>\n\n\n\n<h3 class=\"wp-block-heading\">Dost\u0119pno\u015b\u0107 architektoniczna<\/h3>\n\n\n\n<h4 class=\"wp-block-heading\"><strong>1. ul. Plac Ratuszowy 58 &#8211; &nbsp;budynek g\u0142\u00f3wny &#8211; Ratusz<\/strong><\/h4>\n\n\n\n<p>Budynek jest dost\u0119pny dla os\u00f3b na w\u00f3zkach. Od strony ul. 1-go Maja znajduje si\u0119 podjazd dla os\u00f3b niepe\u0142nosprawnych, poruszaj\u0105cych si\u0119 na w\u00f3zkach, budynek jest wyposa\u017cony w wind\u0119 \u2013 (d\u017awig typu Home Lift ) umo\u017cliwiaj\u0105cy dost\u0119p do I pi\u0119tra oraz do II pi\u0119tra budynku.<br>Toaleta dost\u0119pne dla os\u00f3b z niepe\u0142nosprawno\u015bci\u0105- toaleta zlokalizowana na parterze budynku. Przed budynkiem wyznaczone s\u0105 dwa miejsce parkingowe dla osoby niepe\u0142nosprawnej.<br>W nieruchomo\u015bci zorganizowana jest informacja na parterze w holu g\u0142\u00f3wnym obs\u0142uguj\u0105ca budynek ratusza oraz przybud\u00f3wk\u0119 ratusza.<br>Do budynku mo\u017cna wej\u015b\u0107 z psem asystuj\u0105cym i z psem przewodnikiem.<\/p>\n\n\n\n<h4 class=\"wp-block-heading\"><strong>2. ul. Plac Ratuszowy 58 \u2013 przybud\u00f3wka ratusza<\/strong><\/h4>\n\n\n\n<p>Budynek jest dost\u0119pny dla os\u00f3b poruszaj\u0105cych si\u0119 &nbsp;na w\u00f3zkach jedynie na poziomie parteru. Od strony ul. 1-go Maja znajduje si\u0119 wej\u015bcie bez barier dla os\u00f3b niepe\u0142nosprawnych, wej\u015bcie drugie zlokalizowane jest od strony Placu Ratuszowy, do kt\u00f3rego prowadzi podjazd dla niepe\u0142nosprawnych.<br>Toaleta dost\u0119pne dla os\u00f3b z niepe\u0142nosprawno\u015bci\u0105- toaleta zlokalizowana na parterze budynku.<br>Przed budynkiem wyznaczone jest &nbsp;miejsce parkingowe dla osoby niepe\u0142nosprawnej.&nbsp;<br>Do budynku mo\u017cna wej\u015b\u0107 z psem asystuj\u0105cym i z psem przewodnikiem.<\/p>\n\n\n\n<h4 class=\"wp-block-heading\"><strong>3. ul. Okrzei 10&nbsp;<\/strong><\/h4>\n\n\n\n<p>Budynek jest dost\u0119pny dla os\u00f3b na w\u00f3zkach. Od strony zaplecza budynku \u2013 wjazd przez bram\u0119- lewy szczyt budynku, &nbsp;znajduje si\u0119 parking dla klient\u00f3w Urz\u0119du Miasta.&nbsp;<br>Na parkingu zlokalizowane s\u0105 dwa miejsca parkingowe dla os\u00f3b niepe\u0142nosprawnych, w bliskiej odleg\u0142o\u015bci od windy umo\u017cliwiaj\u0105cej dost\u0119pno\u015b\u0107 do ka\u017cd\u0105 konsygnacj\u0119 budynku.&nbsp;<br>Do windy mo\u017cna si\u0119 dosta\u0107 bezpo\u015brednio z parkingu budynku.&nbsp;<br>Toaleta dla os\u00f3b z niepe\u0142nosprawno\u015bci\u0105 znajduje si\u0119 na kondygnacji -1,&nbsp;<br>Do budynku mo\u017cna wej\u015b\u0107 z psem asystuj\u0105cym i z psem przewodnikiem.<\/p>\n\n\n\n<h4 class=\"wp-block-heading\"><strong>4. ul. Ptasia 2-3<\/strong><\/h4>\n\n\n\n<p>Budynek jest dost\u0119pny dla os\u00f3b poruszaj\u0105cych si\u0119 &nbsp;na w\u00f3zkach jedynie na poziomie parteru.<br>Od strony ul. Ptasiej znajduje si\u0119 wej\u015bcie do kt\u00f3rego prowadzi podjazd dla niepe\u0142nosprawnych.<br>Toaleta dost\u0119pna dla os\u00f3b z niepe\u0142nosprawno\u015bci\u0105- zlokalizowana na parterze budynku w korytarzu na wprost wej\u015bcia do budynku.&nbsp;<br>Przed budynkiem wyznaczone s\u0105 &nbsp;miejsce parkingowe dla osoby niepe\u0142nosprawnej dla budynku Ptasia 2-3 oraz Ptasia 6 A.&nbsp;<br>Do budynku mo\u017cna wej\u015b\u0107 z psem asystuj\u0105cym i z psem przewodnikiem.<\/p>\n\n\n\n<h4 class=\"wp-block-heading\"><strong>5. ul. Ptasia 6A<\/strong><\/h4>\n\n\n\n<p>Budynek ma utrudniony dost\u0119pny dla os\u00f3b poruszaj\u0105cych si\u0119 &nbsp;na w\u00f3zkach.&nbsp;<br>Do poziomu parteru. Od strony ul. Ptasiej znajduje si\u0119 wej\u015bcie poprzedzone stopniem.&nbsp;<br>W korytarzu parteru budynku znajduj\u0105 si\u0119 dwa stopnie. W razie konieczno\u015bci, w celu u\u0142atwienia pokonania bariery pracownicy Urz\u0119du Miasta, rozk\u0142adaj\u0105 przeno\u015bny podjazd dla os\u00f3b poruszaj\u0105cych si\u0119 na w\u00f3zkach.&nbsp;<\/p>\n\n\n\n<h4 class=\"wp-block-heading\"><strong>6. ul. Sudecka 29<\/strong><\/h4>\n\n\n\n<p>Budynek jest dost\u0119pny dla os\u00f3b poruszaj\u0105cych si\u0119 &nbsp;na w\u00f3zkach jedynie na poziomie parteru. Od strony ul. Ptasiej znajduje si\u0119 wej\u015bcie bez barier dla os\u00f3b poruszaj\u0105cych si\u0119 na w\u00f3zkach. Brak toalety dost\u0119pnej dla os\u00f3b z niepe\u0142nosprawno\u015bci\u0105.<br>Przed budynkiem wyznaczone jest &nbsp;miejsce parkingowe dla osoby niepe\u0142nosprawnej.&nbsp;<br>Do budynku mo\u017cna wej\u015b\u0107 z psem asystuj\u0105cym i z psem przewodnikiem.&nbsp;<br>W nieruchomo\u015bci zorganizowana jest informacja na parterze w holu g\u0142\u00f3wnym cz\u0119\u015bci budynku A.&nbsp;<\/p>\n\n\n\n<h3 class=\"wp-block-heading\">Dodatkowe informacje<\/h3>\n\n\n\n<p><a rel=\"noreferrer noopener\" href=\"https:\/\/bip.jeleniagora.pl\/uploads\/files\/Raport%20o%20stanie%20dost%C4%99pno%C5%9Bci%20podmiotu%20publicznego.pdf\" target=\"_blank\">Raport o stanie dost\u0119pno\u015bci podmiotu publicznego<\/a><\/p>\n\n\n\n<p><a rel=\"noreferrer noopener\" href=\"http:\/\/bip.jeleniagora.pl\/uploads\/files\/mb\/PLAN%20DZIA%C5%81ANIA%20NA%20RZECZ%20POPRAWY%20ZAPEWNIENIA%20DOST%C4%98PNO%C5%9ACI.pdf\" target=\"_blank\">PLAN DZIA\u0141ANIA NA RZECZ POPRAWY ZAPEWNIENIA DOST\u0118PNO\u015aCI OSOBOM ZE SZCZEG\u00d3LNYMI POTRZEBAMI W URZ\u0118DZIE MIASTA JELENIA G\u00d3RA NA LATA 2022 \u2013 2024<\/a><\/p>\n\n\n\n<p><\/p>","protected":false},"excerpt":{"rendered":"<p>Urz\u0105d Miasta Jelenia G\u00f3ra zobowi\u0105zuje si\u0119 zapewni\u0107 dost\u0119pno\u015b\u0107 swojej strony internetowej zgodnie z przepisami ustawy z dnia 4 kwietnia 2019 r. o dost\u0119pno\u015bci cyfrowej stron internetowych i aplikacji mobilnych podmiot\u00f3w publicznych. O\u015bwiadczenie w sprawie dost\u0119pno\u015bci ma zastosowanie do strony rozwojlokalny.jeleniagora.pl prowadzonej przez Urz\u0105d Miasta Jelenia G\u00f3ra. Data publikacji strony internetowej: 2022-06-23. Data ostatniej istotnej aktualizacji: [&hellip;]<\/p>","protected":false},"author":1,"featured_media":0,"parent":0,"menu_order":0,"comment_status":"closed","ping_status":"closed","template":"wp-custom-template-inner-page-m-3","meta":{"_uag_custom_page_level_css":""},"uagb_featured_image_src":{"full":false,"thumbnail":false,"medium":false,"medium_large":false,"large":false,"1536x1536":false,"2048x2048":false,"trp-custom-language-flag":false},"uagb_author_info":{"display_name":"Admin","author_link":"https:\/\/rozwojlokalny.jeleniagora.pl\/en\/author\/admin\/"},"uagb_comment_info":0,"uagb_excerpt":"Urz\u0105d Miasta Jelenia G\u00f3ra zobowi\u0105zuje si\u0119 zapewni\u0107 dost\u0119pno\u015b\u0107 swojej strony internetowej zgodnie z przepisami ustawy z dnia 4 kwietnia 2019 r. o dost\u0119pno\u015bci cyfrowej stron internetowych i aplikacji mobilnych podmiot\u00f3w publicznych. O\u015bwiadczenie w sprawie dost\u0119pno\u015bci ma zastosowanie do strony rozwojlokalny.jeleniagora.pl prowadzonej przez Urz\u0105d Miasta Jelenia G\u00f3ra. Data publikacji strony internetowej: 2022-06-23. Data ostatniej istotnej aktualizacji:&hellip;","_links":{"self":[{"href":"https:\/\/rozwojlokalny.jeleniagora.pl\/en\/wp-json\/wp\/v2\/pages\/596"}],"collection":[{"href":"https:\/\/rozwojlokalny.jeleniagora.pl\/en\/wp-json\/wp\/v2\/pages"}],"about":[{"href":"https:\/\/rozwojlokalny.jeleniagora.pl\/en\/wp-json\/wp\/v2\/types\/page"}],"author":[{"embeddable":true,"href":"https:\/\/rozwojlokalny.jeleniagora.pl\/en\/wp-json\/wp\/v2\/users\/1"}],"replies":[{"embeddable":true,"href":"https:\/\/rozwojlokalny.jeleniagora.pl\/en\/wp-json\/wp\/v2\/comments?post=596"}],"version-history":[{"count":9,"href":"https:\/\/rozwojlokalny.jeleniagora.pl\/en\/wp-json\/wp\/v2\/pages\/596\/revisions"}],"predecessor-version":[{"id":1577,"href":"https:\/\/rozwojlokalny.jeleniagora.pl\/en\/wp-json\/wp\/v2\/pages\/596\/revisions\/1577"}],"wp:attachment":[{"href":"https:\/\/rozwojlokalny.jeleniagora.pl\/en\/wp-json\/wp\/v2\/media?parent=596"}],"curies":[{"name":"wp","href":"https:\/\/api.w.org\/{rel}","templated":true}]}}